{"id":12320,"date":"2021-05-28T11:37:36","date_gmt":"2021-05-28T09:37:36","guid":{"rendered":"https:\/\/www.celum.com\/de\/?page_id=12320"},"modified":"2025-03-25T19:25:54","modified_gmt":"2025-03-25T18:25:54","slug":"datenschutzhinweise-social-media","status":"publish","type":"page","link":"https:\/\/www.celum.com\/de\/datenschutzhinweise-social-media\/","title":{"rendered":"Datenschutzhinweise Social Media"},"content":{"rendered":"\t\t<div data-elementor-type=\"wp-page\" data-elementor-id=\"12320\" class=\"elementor elementor-12320\" data-elementor-post-type=\"page\">\n\t\t\t\t\t\t<section class=\"elementor-section elementor-top-section elementor-element elementor-element-ef3c213 elementor-section-height-min-height elementor-section-boxed elementor-section-height-default elementor-section-items-middle\" data-id=\"ef3c213\" data-element_type=\"section\" data-e-type=\"section\" data-settings=\"{&quot;background_background&quot;:&quot;classic&quot;}\">\n\t\t\t\t\t\t<div class=\"elementor-container elementor-column-gap-default\">\n\t\t\t\t\t<div class=\"elementor-column elementor-col-100 elementor-top-column elementor-element elementor-element-1872f182\" data-id=\"1872f182\" data-element_type=\"column\" data-e-type=\"column\">\n\t\t\t<div class=\"elementor-widget-wrap elementor-element-populated\">\n\t\t\t\t\t\t<div class=\"elementor-element elementor-element-8ec6ddf elementor-widget elementor-widget-heading\" data-id=\"8ec6ddf\" data-element_type=\"widget\" data-e-type=\"widget\" data-widget_type=\"heading.default\">\n\t\t\t\t<div class=\"elementor-widget-container\">\n\t\t\t\t\t<h1 class=\"elementor-heading-title elementor-size-default\">Datenschutzhinweise<br>\nSocial Media\n<\/h1>\t\t\t\t<\/div>\n\t\t\t\t<\/div>\n\t\t\t\t<div class=\"elementor-element elementor-element-6b403fde elementor-widget elementor-widget-text-editor\" data-id=\"6b403fde\" data-element_type=\"widget\" data-e-type=\"widget\" data-widget_type=\"text-editor.default\">\n\t\t\t\t<div class=\"elementor-widget-container\">\n\t\t\t\t\t\t\t\t\t<p>Mit diesem Hinweis m\u00f6chten wir Sie dar\u00fcber informieren, welche Daten wir von Ihnen auf unseren Social Media-Pr\u00e4senzen erheben und wie wir diese nutzen.<\/p>\t\t\t\t\t\t\t\t<\/div>\n\t\t\t\t<\/div>\n\t\t\t\t<div class=\"elementor-element elementor-element-374db33a elementor-absolute elementor-hidden-phone elementor-widget elementor-widget-image\" data-id=\"374db33a\" data-element_type=\"widget\" data-e-type=\"widget\" data-settings=\"{&quot;_position&quot;:&quot;absolute&quot;}\" data-widget_type=\"image.default\">\n\t\t\t\t<div class=\"elementor-widget-container\">\n\t\t\t\t\t\t\t\t\t\t\t\t\t\t\t<img fetchpriority=\"high\" decoding=\"async\" width=\"300\" height=\"300\" src=\"https:\/\/www.celum.com\/de\/wp-content\/uploads\/sites\/3\/2021\/03\/NEW-Light.svg\" class=\"attachment-medium size-medium wp-image-7608\" alt=\"\" \/>\t\t\t\t\t\t\t\t\t\t\t\t\t\t\t<\/div>\n\t\t\t\t<\/div>\n\t\t\t\t<div class=\"elementor-element elementor-element-ddbdb11 elementor-absolute elementor-hidden-phone elementor-widget elementor-widget-image\" data-id=\"ddbdb11\" data-element_type=\"widget\" data-e-type=\"widget\" data-settings=\"{&quot;_position&quot;:&quot;absolute&quot;}\" data-widget_type=\"image.default\">\n\t\t\t\t<div class=\"elementor-widget-container\">\n\t\t\t\t\t\t\t\t\t\t\t\t\t\t\t<img fetchpriority=\"high\" decoding=\"async\" width=\"300\" height=\"300\" src=\"https:\/\/www.celum.com\/de\/wp-content\/uploads\/sites\/3\/2021\/03\/NEW-Light.svg\" class=\"attachment-medium size-medium wp-image-7608\" alt=\"\" \/>\t\t\t\t\t\t\t\t\t\t\t\t\t\t\t<\/div>\n\t\t\t\t<\/div>\n\t\t\t\t<div class=\"elementor-element elementor-element-25fe2062 elementor-absolute elementor-hidden-phone elementor-widget elementor-widget-image\" data-id=\"25fe2062\" data-element_type=\"widget\" data-e-type=\"widget\" data-settings=\"{&quot;_position&quot;:&quot;absolute&quot;}\" data-widget_type=\"image.default\">\n\t\t\t\t<div class=\"elementor-widget-container\">\n\t\t\t\t\t\t\t\t\t\t\t\t\t\t\t<img decoding=\"async\" width=\"300\" height=\"300\" src=\"https:\/\/www.celum.com\/de\/wp-content\/uploads\/sites\/3\/2021\/03\/NEW-Dark.svg\" class=\"attachment-medium size-medium wp-image-7524\" alt=\"\" \/>\t\t\t\t\t\t\t\t\t\t\t\t\t\t\t<\/div>\n\t\t\t\t<\/div>\n\t\t\t\t<div class=\"elementor-element elementor-element-62d9e978 elementor-widget__width-auto elementor-absolute elementor-widget elementor-widget-image\" data-id=\"62d9e978\" data-element_type=\"widget\" data-e-type=\"widget\" data-settings=\"{&quot;_position&quot;:&quot;absolute&quot;}\" data-widget_type=\"image.default\">\n\t\t\t\t<div class=\"elementor-widget-container\">\n\t\t\t\t\t\t\t\t\t\t\t\t\t\t\t<img decoding=\"async\" width=\"300\" height=\"300\" src=\"https:\/\/www.celum.com\/de\/wp-content\/uploads\/sites\/3\/2021\/03\/NEW-Dark.svg\" class=\"attachment-medium size-medium wp-image-7524\" alt=\"\" \/>\t\t\t\t\t\t\t\t\t\t\t\t\t\t\t<\/div>\n\t\t\t\t<\/div>\n\t\t\t\t\t<\/div>\n\t\t<\/div>\n\t\t\t\t\t<\/div>\n\t\t<\/section>\n\t\t\t\t<section class=\"elementor-section elementor-top-section elementor-element elementor-element-17fb2a9f elementor-section-boxed elementor-section-height-default elementor-section-height-default\" data-id=\"17fb2a9f\" data-element_type=\"section\" data-e-type=\"section\">\n\t\t\t\t\t\t<div class=\"elementor-container elementor-column-gap-default\">\n\t\t\t\t\t<div class=\"elementor-column elementor-col-100 elementor-top-column elementor-element elementor-element-4fb308d4\" data-id=\"4fb308d4\" data-element_type=\"column\" data-e-type=\"column\">\n\t\t\t<div class=\"elementor-widget-wrap elementor-element-populated\">\n\t\t\t\t\t\t<div class=\"elementor-element elementor-element-7fc4f9c1 elementor-widget elementor-widget-text-editor\" data-id=\"7fc4f9c1\" data-element_type=\"widget\" data-e-type=\"widget\" data-widget_type=\"text-editor.default\">\n\t\t\t\t<div class=\"elementor-widget-container\">\n\t\t\t\t\t\t\t\t\t<p>Mit diesem Hinweis m\u00f6chten wir Sie dar\u00fcber informieren, welche Daten wir von Ihnen auf unseren Social Media-Pr\u00e4senzen erheben und wie wir diese nutzen.<\/p><p>Sie finden uns in verschiedenen sozialen Medien mit einem eigenen Auftritt. Hierdurch m\u00f6ch-ten wir Ihnen ein breites, multimediales Angebot zur Verf\u00fcgung stellen und uns mit Ihnen zu f\u00fcr Sie wichtigen Themen austauschen. Neben dem jeweiligen Anbieter eines sozialen Netz-werkes erheben und verarbeiten auch wir auf Fanseiten personenbezogene Nutzerdaten.<\/p><p><span style=\"color: var( --e-global-color-text ); font-family: var( --e-global-typography-text-font-family ), Sans-serif; font-size: var( --e-global-typography-text-font-size );\"><b>Verantwortliche Stelle<\/b><\/span><\/p><p><span style=\"color: var( --e-global-color-text ); font-family: var( --e-global-typography-text-font-family ), Sans-serif; font-size: var( --e-global-typography-text-font-size ); font-weight: var( --e-global-typography-text-font-weight );\">Verantwortlich f\u00fcr die Verarbeitung von personenbezogenen Daten auf dieser Webseite und auf unseren Social Media-Pr\u00e4senzen ist:<\/span><\/p><p>CELUM GMBH<br \/>Passaustrasse 26-28<br \/>4030 Linz<br \/>\u00d6sterreich<\/p><p>E-Mail:\u00a0 office@celum.com<br \/>Tel.: +43 732 716 529<\/p><div>\u00a0<\/div>\t\t\t\t\t\t\t\t<\/div>\n\t\t\t\t<\/div>\n\t\t\t\t\t<\/div>\n\t\t<\/div>\n\t\t\t\t\t<\/div>\n\t\t<\/section>\n\t\t\t\t<section class=\"elementor-section elementor-top-section elementor-element elementor-element-2c71be01 datenschutzbeauftrager elementor-section-boxed elementor-section-height-default elementor-section-height-default\" data-id=\"2c71be01\" data-element_type=\"section\" data-e-type=\"section\">\n\t\t\t\t\t\t<div class=\"elementor-container elementor-column-gap-default\">\n\t\t\t\t\t<div class=\"elementor-column elementor-col-100 elementor-top-column elementor-element elementor-element-6b626504\" data-id=\"6b626504\" data-element_type=\"column\" data-e-type=\"column\">\n\t\t\t<div class=\"elementor-widget-wrap elementor-element-populated\">\n\t\t\t\t\t\t<div class=\"elementor-element elementor-element-130a2e99 elementor-widget elementor-widget-heading\" data-id=\"130a2e99\" data-element_type=\"widget\" data-e-type=\"widget\" data-widget_type=\"heading.default\">\n\t\t\t\t<div class=\"elementor-widget-container\">\n\t\t\t\t\t<h2 class=\"elementor-heading-title elementor-size-default\">Datenschutzbeauftrager<\/h2>\t\t\t\t<\/div>\n\t\t\t\t<\/div>\n\t\t\t\t<div class=\"elementor-element elementor-element-1cf848ed elementor-widget elementor-widget-text-editor\" data-id=\"1cf848ed\" data-element_type=\"widget\" data-e-type=\"widget\" data-widget_type=\"text-editor.default\">\n\t\t\t\t<div class=\"elementor-widget-container\">\n\t\t\t\t\t\t\t\t\t<p>Sie k\u00f6nnen sich bei Fragen zum Datenschutz auch jederzeit an unseren Datenschutzbeauftragten wenden:<\/p><p><span style=\"color: var( --e-global-color-text ); font-family: var( --e-global-typography-text-font-family ), Sans-serif; font-size: var( --e-global-typography-text-font-size ); font-weight: var( --e-global-typography-text-font-weight );\">Dr. Georg Schr\u00f6der, LL.M<\/span><\/p><p><span style=\"color: var( --e-global-color-text ); font-family: var( --e-global-typography-text-font-family ), Sans-serif; font-size: var( --e-global-typography-text-font-size ); font-weight: var( --e-global-typography-text-font-weight );\">legal data Schr\u00f6der Rechtsanwaltsgesellschaft mbH<br \/><\/span><span style=\"color: var( --e-global-color-text ); font-family: var( --e-global-typography-text-font-family ), Sans-serif; font-size: var( --e-global-typography-text-font-size ); font-weight: var( --e-global-typography-text-font-weight );\">Prannerstr. 10<br \/><\/span><span style=\"color: var( --e-global-color-text ); font-family: var( --e-global-typography-text-font-family ), Sans-serif; font-size: var( --e-global-typography-text-font-size ); font-weight: var( --e-global-typography-text-font-weight );\">80333 M\u00fcnchen<\/span><\/p><p>Tel.: +49 (0)89 954 597 520<br \/><span style=\"color: var( --e-global-color-text ); font-family: var( --e-global-typography-text-font-family ), Sans-serif; font-size: var( --e-global-typography-text-font-size ); font-weight: var( --e-global-typography-text-font-weight );\">Fax: +49 (0)89 954 597 522<\/span><\/p><p>E-Mail: <a href=\"mailto:datenschutz@legaldata.law\">datenschutz@legaldata.law<\/a><\/p>\t\t\t\t\t\t\t\t<\/div>\n\t\t\t\t<\/div>\n\t\t\t\t\t<\/div>\n\t\t<\/div>\n\t\t\t\t\t<\/div>\n\t\t<\/section>\n\t\t\t\t<section class=\"elementor-section elementor-top-section elementor-element elementor-element-7c8452c1 elementor-section-boxed elementor-section-height-default elementor-section-height-default\" data-id=\"7c8452c1\" data-element_type=\"section\" data-e-type=\"section\">\n\t\t\t\t\t\t<div class=\"elementor-container elementor-column-gap-default\">\n\t\t\t\t\t<div class=\"elementor-column elementor-col-100 elementor-top-column elementor-element elementor-element-668f5e83\" data-id=\"668f5e83\" data-element_type=\"column\" data-e-type=\"column\">\n\t\t\t<div class=\"elementor-widget-wrap elementor-element-populated\">\n\t\t\t\t\t\t<div class=\"elementor-element elementor-element-cc1ebaf elementor-toc--minimized-on-tablet elementor-widget elementor-widget-table-of-contents\" data-id=\"cc1ebaf\" data-element_type=\"widget\" data-e-type=\"widget\" data-settings=\"{&quot;exclude_headings_by_selector&quot;:&quot;.datenschutzbeauftrager&quot;,&quot;marker_view&quot;:&quot;bullets&quot;,&quot;icon&quot;:{&quot;value&quot;:&quot;&quot;,&quot;library&quot;:&quot;&quot;},&quot;headings_by_tags&quot;:[&quot;h2&quot;,&quot;h3&quot;,&quot;h4&quot;,&quot;h5&quot;,&quot;h6&quot;],&quot;no_headings_message&quot;:&quot;Es wurden keine \\u00dcberschriften auf dieser Seite gefunden.&quot;,&quot;minimize_box&quot;:&quot;yes&quot;,&quot;minimized_on&quot;:&quot;tablet&quot;,&quot;hierarchical_view&quot;:&quot;yes&quot;,&quot;min_height&quot;:{&quot;unit&quot;:&quot;px&quot;,&quot;size&quot;:&quot;&quot;,&quot;sizes&quot;:[]},&quot;min_height_tablet&quot;:{&quot;unit&quot;:&quot;px&quot;,&quot;size&quot;:&quot;&quot;,&quot;sizes&quot;:[]},&quot;min_height_mobile&quot;:{&quot;unit&quot;:&quot;px&quot;,&quot;size&quot;:&quot;&quot;,&quot;sizes&quot;:[]}}\" data-widget_type=\"table-of-contents.default\">\n\t\t\t\t<div class=\"elementor-widget-container\">\n\t\t\t\t\t\t\t\t\t<div class=\"elementor-toc__header\">\n\t\t\t\t\t\t<h4 class=\"elementor-toc__header-title\">\n\t\t\t\tInhaltsverzeichnis\t\t\t<\/h4>\n\t\t\t\t\t\t\t\t\t\t<div class=\"elementor-toc__toggle-button elementor-toc__toggle-button--expand\" role=\"button\" tabindex=\"0\" aria-controls=\"elementor-toc__cc1ebaf\" aria-expanded=\"true\" aria-label=\"Inhaltsverzeichnis \u00f6ffnen\"><i aria-hidden=\"true\" class=\"fas fa-chevron-down\"><\/i><\/div>\n\t\t\t\t<div class=\"elementor-toc__toggle-button elementor-toc__toggle-button--collapse\" role=\"button\" tabindex=\"0\" aria-controls=\"elementor-toc__cc1ebaf\" aria-expanded=\"true\" aria-label=\"Inhaltsverzeichnis schlie\u00dfen\"><i aria-hidden=\"true\" class=\"fas fa-chevron-up\"><\/i><\/div>\n\t\t\t\t\t<\/div>\n\t\t\t\t<div id=\"elementor-toc__cc1ebaf\" class=\"elementor-toc__body\">\n\t\t\t<div class=\"elementor-toc__spinner-container\">\n\t\t\t\t<i class=\"elementor-toc__spinner eicon-animation-spin eicon-loading\" aria-hidden=\"true\"><\/i>\t\t\t<\/div>\n\t\t<\/div>\n\t\t\t\t\t\t<\/div>\n\t\t\t\t<\/div>\n\t\t\t\t\t<\/div>\n\t\t<\/div>\n\t\t\t\t\t<\/div>\n\t\t<\/section>\n\t\t\t\t<section class=\"elementor-section elementor-top-section elementor-element elementor-element-686a57c4 elementor-section-boxed elementor-section-height-default elementor-section-height-default\" data-id=\"686a57c4\" data-element_type=\"section\" data-e-type=\"section\">\n\t\t\t\t\t\t<div class=\"elementor-container elementor-column-gap-default\">\n\t\t\t\t\t<div class=\"elementor-column elementor-col-100 elementor-top-column elementor-element elementor-element-31448329\" data-id=\"31448329\" data-element_type=\"column\" data-e-type=\"column\">\n\t\t\t<div class=\"elementor-widget-wrap elementor-element-populated\">\n\t\t\t\t\t\t<div class=\"elementor-element elementor-element-7f2d287f elementor-widget elementor-widget-spacer\" data-id=\"7f2d287f\" data-element_type=\"widget\" data-e-type=\"widget\" data-widget_type=\"spacer.default\">\n\t\t\t\t<div class=\"elementor-widget-container\">\n\t\t\t\t\t\t\t<div class=\"elementor-spacer\">\n\t\t\t<div class=\"elementor-spacer-inner\"><\/div>\n\t\t<\/div>\n\t\t\t\t\t\t<\/div>\n\t\t\t\t<\/div>\n\t\t\t\t<div class=\"elementor-element elementor-element-1ea04f67 elementor-widget elementor-widget-heading\" data-id=\"1ea04f67\" data-element_type=\"widget\" data-e-type=\"widget\" data-widget_type=\"heading.default\">\n\t\t\t\t<div class=\"elementor-widget-container\">\n\t\t\t\t\t<h3 class=\"elementor-heading-title elementor-size-default\">Allgemeines<\/h3>\t\t\t\t<\/div>\n\t\t\t\t<\/div>\n\t\t\t\t<div class=\"elementor-element elementor-element-4ac1592d elementor-widget elementor-widget-text-editor\" data-id=\"4ac1592d\" data-element_type=\"widget\" data-e-type=\"widget\" data-widget_type=\"text-editor.default\">\n\t\t\t\t<div class=\"elementor-widget-container\">\n\t\t\t\t\t\t\t\t\t<p>Wir verlinken auf dieser Webseite auf unsere Pr\u00e4senzen in sozialen Netzwerken. Hierzu haben wir eine Grafik des jeweiligen Netzwerks verlinkt.<\/p><p>Beim Laden unserer Webseite werden noch keine Daten an die Betreiber der sozialen Netzwerke \u00fcbertragen, sondern erst, wenn Sie aktiv dem Link zu unserem Profil bei dem jeweiligen sozialen Netzwerk folgen.<\/p><p>Wenn Sie unsere Profilseite bei einem sozialen Netzwerk aufrufen, kann der Betreiber des sozialen Netzwerks unabh\u00e4ngig davon, ob Sie ein Konto bei dem Netzwerk haben oder ob Sie dort eingeloggt sind, Cookies auf Ihrem Endger\u00e4t setzen. Bei Cookies handelt es sich um Datenpakete, die Endger\u00e4te des Nutzers mit einer bestimmten Kennung markieren. Cookies werden vor allem gesetzt, um den Besuchern der sozialen Netzwerke, darunter auch unserer Profilseiten, personalisierte Werbung anzeigen zu k\u00f6nnen.<\/p><p>Dies geschieht z.B. dadurch, dass dem Nutzer auf den Seiten des sozialen Netzwerks Anzeigen von Werbepartnern des sozialen Netzwerks angezeigt werden, deren Webseiten der Nutzer zuvor besucht hat. Daneben erm\u00f6glichen es Cookies, Statistiken \u00fcber die Nutzung unserer Profilseite zu erstellen (z.B. Anzahl der Seitenaufrufe, Nutzerkategorien).<\/p><p>Sofern wir solche Statistikanalysen vom Betreiber des sozialen Netzwerks erhalten, werden die Daten zuvor von diesem anonymisiert, d.h. eine Zuordnung von Nutzungsdaten zu einem einzelnen Nutzer ist uns nicht m\u00f6glich. Wenn Sie bei dem sozialen Netzwerk eingeloggt sind, kann jedoch ggf. der Betreiber des sozialen Netzwerks den Aufruf unseres Profils beim sozialen Netzwerk Ihrem dort bestehenden Konto zuordnen.<\/p><p>Hierbei werden durch das jeweilige soziale Netzwerk mindestens folgende Daten verarbeitet:<\/p><p>\u2022 IP-Adresse<br \/>\u2022 Datum, Uhrzeit<br \/>\u2022 Besuchte Seite im sozialen Netzwerk<\/p><p>Daneben k\u00f6nnen \u2013 betreiberabh\u00e4ngig \u2013 auch weitere Datenkategorien verarbeitet werden, z.B.:<\/p><p>\u2022 Referral-URL (Seite, von der der Nutzer auf eine Unterseite des sozialen Netzwerks gelangt ist)<br \/>\u2022 URL der aus dem sozialen Netzwerk heraus aufgerufenen internen und externen Seiten<br \/>\u2022 Endger\u00e4t des Nutzers (Desktop, Smartphone, Tablet)<br \/>\u2022 Spracheinstellungen des Nutzers<br \/>\u2022 Region des Nutzers<\/p><p>Sind Sie w\u00e4hrenddessen in Ihrem Benutzerkonto des jeweiligen Netzwerks eingeloggt, kann der Netzwerk-Betreiber ggf. die gesammelten Informationen des konkreten Besuchs Ihrem pers\u00f6nlichen Account zuordnen.<\/p><p>Interagieren Sie \u00fcber einen \u201eTeilen\u201c-Button des jeweiligen Netzwerks, k\u00f6nnen diese Informati-onen ebenfalls in dem pers\u00f6nlichen Benutzerkonto des Nutzers gespeichert und ggf. ver\u00f6f-fentlicht werden. Wollen Sie verhindern, dass die gesammelten Informationen unmittelbar Ihrem Benutzerkonto zugeordnet werden k\u00f6nnen, m\u00fcssen Sie sich vor dem Anklicken der Grafik in dem jeweiligen sozialen Netzwerk ausloggen.<\/p><p>Sie k\u00f6nnen zudem das jeweilige Benutzerkonto entsprechend konfigurieren.<\/p><p>Wir haben keinen Einfluss darauf, welche Daten vom Betreiber des sozialen Netzwerks erho-ben und \u00fcbermittelt werden, an welche Drittempf\u00e4nger eine \u00dcbermittlung durch den Betreiber des sozialen Netzwerks stattfindet und wie lange die Daten vom Betreiber des sozialen Netz-werks gespeichert werden. Hierzu verweisen wir auf die Datenschutzerkl\u00e4rung des jeweiligen sozialen Netzwerks.<\/p><p>Der von uns verfolgte Zweck der Verarbeitung Ihrer Daten auf unserer Profilseite bei dem jeweiligen sozialen Netzwerk ist die Information \u00fcber unsere Angebote und Services sowie die Beantwortung etwaiger Anfragen auf unserer Profilseite. Rechtsgrundlage f\u00fcr die Verarbei-tung ist Art. 6 Abs. 1 f) DS-GVO. Insoweit ist \u00d6ffentlichkeitsarbeit von unseren berechtigten Interessen im Sinne der Vorschrift umfasst. Rechtsgrundlage f\u00fcr die Verwendung von Social Plugins wie z.B. \u201eTeilen\u201c-Buttons ist Ihre Einwilligung nach Art. 6 Abs. 1 a) DS-GVO.<\/p><p>Sie sind nicht verpflichtet, uns auf unseren Profilseiten bei sozialen Netzwerken Ihre Daten bereitzustellen. Wenn Sie nicht m\u00f6chten, dass die Betreiber der sozialen Netzwerke auf unse-ren Profilseiten Daten von Ihnen erheben, k\u00f6nnen Sie dies dadurch verhindern, dass Sie un-sere Profilseiten nicht aufrufen.<\/p><p>Private Nachrichten, die Sie uns \u00fcber die sozialen Netzwerke zukommen lassen, l\u00f6schen wir binnen eines Jahres nach der letzten Kommunikation mit Ihnen. \u00d6ffentliche Posts von Ihnen (z.B. in unserer Timeline) lassen wir grunds\u00e4tzlich dauerhaft ver\u00f6ffentlicht, bis Sie ausdr\u00fcck-lich deren L\u00f6schung verlangen.<\/p><p>Im Rahmen von Gewinnspielen k\u00f6nnen Daten zu deren Abwicklung erhoben werden. Die Einzelheiten hierzu, wie z.B. welche Daten zu welchem Zweck erhoben werden, finden Sie in den Datenschutzhinweisen und Teilnahmebedingungen des jeweiligen Gewinnspiels.<\/p><p>Wir behalten uns vor, von Nutzern auf unserer Profilseite bei dem jeweiligen sozialen Netz-werk ver\u00f6ffentlichte rechtswidrige Inhalte zu l\u00f6schen, z.B. Urheberrechtsverst\u00f6\u00dfe oder straf-rechtlich relevante \u00c4u\u00dferungen. Dar\u00fcber hinaus speichern wir Usernamen und Kommentare, die wegen Versto\u00dfes gegen die Netiquette gel\u00f6scht werden. Diese werden nur zum ggf. er-forderlichen Nachweis bei rechtlichen Auseinandersetzungen innerhalb der Verj\u00e4hrungsfrist nachgehalten.<\/p><p>Wir sind nach der Rechtsprechung des Europ\u00e4ischen Gerichtshofs mit dem Betreiber des jeweiligen sozialen Netzwerks f\u00fcr den Betrieb unserer Profilseite hinsichtlich der Einhaltung der Vorschriften zum Datenschutz gemeinsam verantwortlich. In diesem Rahmen stellt der Betreiber des sozialen Netzwerks die dazugeh\u00f6rige IT-Infrastruktur sowie die Webseite des sozialen Netzwerks bereit und ist grunds\u00e4tzlich der prim\u00e4re Ansprechpartner, wenn es um die Verarbeitung Ihrer Daten auf den Seiten des sozialen Netzwerks geht (z.B. Auskunft oder L\u00f6schung). Hinsichtlich der Datenverarbeitung auf sozialen Netzwerken empfehlen wir daher, sich bei Auskunftsanfragen oder anderen Fragen zu Nutzerrechten wie z.B. bei einer L\u00f6-schungsanfrage direkt an das jeweilige soziale Netzwerk zu wenden, da nur die Betreiber der sozialen Netzwerke den vollst\u00e4ndigen Zugriff auf Ihre Benutzerdaten haben. Wenn Sie die hier beschriebenen Datenverarbeitungen zuk\u00fcnftig nicht mehr w\u00fcnschen, k\u00f6nnen Sie durch Nutzung der Funktionen &#8222;Diese Seite gef\u00e4llt mir nicht mehr&#8220; und\/oder &#8222;Diese Seite nicht mehr abonnieren&#8220; die Verbindung Ihres Benutzer-Profils zu unserer Seite aufheben. Ihre gesetzli-chen Rechte k\u00f6nnen Sie jedoch auch uns gegen\u00fcber geltend machen. Wir leiten Ihre Anfra-gen in diesem Fall an den Betreiber des sozialen Netzwerks weiter.<\/p><p>Weitere Hinweise zum Datenschutz finden Sie in unserer <a href=\"https:\/\/celum.com\/de\/datenschutzerklaerung\/\">Datenschutzerkl\u00e4rung<\/a>.<\/p>\t\t\t\t\t\t\t\t<\/div>\n\t\t\t\t<\/div>\n\t\t\t\t\t<\/div>\n\t\t<\/div>\n\t\t\t\t\t<\/div>\n\t\t<\/section>\n\t\t\t\t<section class=\"elementor-section elementor-top-section elementor-element elementor-element-642c4940 elementor-section-boxed elementor-section-height-default elementor-section-height-default\" data-id=\"642c4940\" data-element_type=\"section\" data-e-type=\"section\">\n\t\t\t\t\t\t<div class=\"elementor-container elementor-column-gap-default\">\n\t\t\t\t\t<div class=\"elementor-column elementor-col-100 elementor-top-column elementor-element elementor-element-3d4ba91b\" data-id=\"3d4ba91b\" data-element_type=\"column\" data-e-type=\"column\">\n\t\t\t<div class=\"elementor-widget-wrap elementor-element-populated\">\n\t\t\t\t\t\t<div class=\"elementor-element elementor-element-928c23d elementor-widget elementor-widget-spacer\" data-id=\"928c23d\" data-element_type=\"widget\" data-e-type=\"widget\" data-widget_type=\"spacer.default\">\n\t\t\t\t<div class=\"elementor-widget-container\">\n\t\t\t\t\t\t\t<div class=\"elementor-spacer\">\n\t\t\t<div class=\"elementor-spacer-inner\"><\/div>\n\t\t<\/div>\n\t\t\t\t\t\t<\/div>\n\t\t\t\t<\/div>\n\t\t\t\t<div class=\"elementor-element elementor-element-4ef6317a elementor-widget elementor-widget-heading\" data-id=\"4ef6317a\" data-element_type=\"widget\" data-e-type=\"widget\" data-widget_type=\"heading.default\">\n\t\t\t\t<div class=\"elementor-widget-container\">\n\t\t\t\t\t<h3 class=\"elementor-heading-title elementor-size-default\">Social Media<\/h3>\t\t\t\t<\/div>\n\t\t\t\t<\/div>\n\t\t\t\t<div class=\"elementor-element elementor-element-4f87c55 elementor-widget elementor-widget-text-editor\" data-id=\"4f87c55\" data-element_type=\"widget\" data-e-type=\"widget\" data-widget_type=\"text-editor.default\">\n\t\t\t\t<div class=\"elementor-widget-container\">\n\t\t\t\t\t\t\t\t\t<p>Sie finden uns in verschiedenen sozialen Medien mit einem eigenen Auftritt. Hierdurch m\u00f6chten wir Ihnen ein breites, multimediales Angebot zur Verf\u00fcgung stellen und uns mit Ihnen zu f\u00fcr Sie wichtigen Themen austauschen. Wir binden folgende soziale Netzwerke auf unserer Webseite durch Verlinkung ein:<\/p><p>\u00a0<\/p><h4>Facebook<\/h4><p>Rufen Sie unsere Facebook-Fanseite auf, erhebt, speichert und verarbeitet die Facebook Ltd., 4 Grand Canal Square, Grand Canal Harbour, Dublin 2 D02 X525, Irland, Ihre personenbezogenen Daten gem\u00e4\u00df der Datenschutzrichtlinie von Facebook. Die Datenschutzrichtlinie finden Sie hier:<\/p><p><a href=\"https:\/\/www.facebook.com\/privacy\/policy\/?entry_point=data_policy_redirect&#038;entry=0\">https:\/\/www.facebook.com\/privacy\/policy\/?entry_point=data_policy_redirect&#038;entry=0<\/a><\/p><p>Im Rahmen der Funktion \u201eFacebook Insights\u201c k\u00f6nnen uns dabei von Facebook unter anderem folgende Datenkategorien in anonymisierter \/ statistischer Form zwecks Performance-Messung und Optimierung unserer Facebook-Pr\u00e4senz bereitgestellt werden:<\/p><p>&#8211; Vordefinierte Interaktionen auf unserer Fanpage<br \/>&#8211; Zeitstempel<br \/>&#8211; Land\/Stadt des Nutzers<br \/>&#8211; HTTP-Sprachencode<br \/>&#8211; Alters-\/Geschlechtsgruppe<br \/>&#8211; Zuvor besuchte Webseite (sog. Referral-URL)<br \/>&#8211; Endger\u00e4t des Nutzers<br \/>&#8211; Facebook Nutzer-ID (soweit eingeloggt)<\/p><p>Bez\u00fcglich der Verarbeitung der Insights-Daten besteht zwischen Facebook und uns eine gemeinsame Verantwortlichkeit, im Rahmen derer Facebook die prim\u00e4re Verantwortung \u00fcbernommen hat. Dies betrifft die Verarbeitung von Insights-Daten und die Umsetzung der Betroffenenrechte. Bitte wenden Sie sich deshalb bez\u00fcglich s\u00e4mtlicher Pflichten aus der DSGVO im Hinblick auf die Verarbeitung von Insights-Daten direkt an Facebook. Ihre diesbez\u00fcglichen bei uns eingehenden Anfragen leiten wir an Facebook weiter. Weitere Details hierzu sind in der Vereinbarung zur gemeinsamen Verantwortung (Joint Controller Addendum) geregelt, welche Sie hier finden: <a href=\"http:\/\/www.facebook.com\/legal\/terms\/page_controller_addendum\">www.facebook.com\/legal\/terms\/page_controller_addendum<\/a><\/p><p>N\u00e4here Informationen zu Facebook Insights finden Sie hier:<br \/><a href=\"https:\/\/analytics.facebook.com\/features\/list#automated_insights\">https:\/\/analytics.facebook.com\/features\/list#automated_insights<\/a><br \/><a href=\"http:\/\/www.facebook.com\/legal\/terms\/information_about_page_insights_data\">www.facebook.com\/legal\/terms\/information_about_page_insights_data<\/a><\/p><p>\u00a0<\/p><h4>Instagram<\/h4><p>Besuchen Sie unseren Instagram-Kanal, werden personenbezogenen Daten durch die Facebook Ltd., 4 Grand Canal Square, Grand Canal Harbour, Dublin 2 D02 X525, Irland, als Anbieter von Instagram entsprechend der Datenschutzrichtlinie von Instagram gespeichert und verarbeitet. Die Datenschutzrichtlinie finden Sie hier: <a href=\"https:\/\/help.instagram.com\/519522125107875\">https:\/\/help.instagram.com\/519522125107875<\/a><\/p><p>Zum Zwecke der bedarfsgerechten Gestaltung und fortlaufenden Optimierung unserer Seiten nutzen wir den Statistikdienst Instagram Insights. Dieser Dienst erfasst Ihre Aktivit\u00e4t auf unserer Seite und stellt sie uns in anonymisierten Statistiken zur Verf\u00fcgung. Hierdurch erhalten wir Erkenntnisse u.a. \u00fcber die Interaktionen unserer Fanseitenbesucher, die Aufrufe unserer Seite, die Reichweite von Beitr\u00e4gen, Informationen \u00fcber die Aktivit\u00e4t unserer Abonnenten sowie Informationen, aus welchen L\u00e4ndern und Orten unsere Besucher stammen sowie Statistiken \u00fcber die Geschlechterverh\u00e4ltnisse unserer Besucher. R\u00fcckschl\u00fcsse auf einzelne User sowie Zugriffe auf einzelne Userprofile durch uns sind nicht m\u00f6glich.<\/p><p>\u00a0<\/p><h4>Twitter<\/h4><p>Auf unserem Twitter-Kanal erhalten Sie unseren Angeboten und Services.<\/p><p>Wenn Sie unseren Kanal besuchen, speichert und verarbeitet die Twitter Inc., 1355 Market Street, Suite 900, San Fransisco, CA 94103, USA (\u201eTwitter\u201c) als Betreiber personenbezogene Daten in dem in der Datenschutzrichtlinie beschriebenen Umfang. Die Datenschutzrichtlinie von Twitter finden Sie hier: <a href=\"https:\/\/twitter.com\/de\/privacy\">https:\/\/twitter.com\/de\/privacy<\/a><\/p><p>Zum Zwecke der bedarfsgerechten Gestaltung und fortlaufenden Optimierung unserer Seiten nutzen wir den Statistikdienst Twitter Analytics. Dieser Dienst erfasst Ihre Aktivit\u00e4t auf unserer Seite und stellt sie uns in anonymisierten Statistiken zur Verf\u00fcgung. Hierdurch erhalten wir Erkenntnisse u.a. \u00fcber die Impressions (wie oft eine bestimmte Anzeige von Twitter-Nutzern angesehen wurde und von welchen Zielgruppen), Conversions (z.B. Webseitenbesuch, Registrierung) und sonstigen Interaktionen (z.B. Retweets, Hashtag-Klicks). R\u00fcckschl\u00fcsse auf einzelne User sowie Zugriffe auf einzelne Userprofile durch uns sind nicht m\u00f6glich.<\/p><p>Weitere Informationen zu Twitter Analytics finden Sie unter:<br \/><a href=\"https:\/\/business.twitter.com\/de\/advertising\/analytics.html\">https:\/\/business.twitter.com\/de\/advertising\/analytics.html<\/a><\/p><p>\u00a0<\/p><h4>YouTube<\/h4><p>Auf unserem YouTube-Kanal k\u00f6nnen Sie Videos oder hilfreiche Tipps zu unserem Angebot finden. Auch auf YouTube stellt sich das Kundenservice-Team professionell den Fragen und Kommentaren der Nutzer.<\/p><p>Personenbezogene Daten werden von Google Ireland Limited, Gordon House, Barrow Street, Dublin 4 D04 E5W5, Irland (\u201eGoogle\u201c), als Betreiber von YouTube entsprechend der Datenschutzrichtlinie von Google gespeichert und verarbeitet. Die Datenschutzrichtlinie finden Sie hier: <a href=\"https:\/\/policies.google.com\/privacy?hl=de&amp;gl=de\">https:\/\/policies.google.com\/privacy?hl=de&amp;gl=de<\/a><\/p><p>Mithilfe der Analytics-Funktionen von YouTube ist es uns m\u00f6glich, bestimmte statistische Auswertungen zur Optimierung unseres Kanals vorzunehmen. Dies umfasst insbesondere Details zu den beliebtesten Videos (z.B. Verweildauer der Nutzer, Ranking der Videos), den Zielgruppen (z.B. L\u00e4nder, Spracheinstellungen, Alter und Geschlecht, Aktivit\u00e4tszeiten) und der Reichweite unseres Kanals (z.B. woher die Nutzer auf ein Video weitergeleitet wurden) und Impressionen (z.B. wie viele Nutzer eine bestimmte Anzeige gesehen haben). R\u00fcckschl\u00fcsse auf einzelne User sowie Zugriffe auf einzelne Userprofile durch uns sind nicht m\u00f6glich.<\/p><p>Weitere Informationen zu den Analytics-Funktionen von YouTube finden Sie unter: <a href=\"https:\/\/support.google.com\/youtube\/answer\/9002587?hl=de\">https:\/\/support.google.com\/youtube\/answer\/9002587?hl=de<\/a><\/p><p>\u00a0<\/p><h4>LinkedIn<\/h4><p>Auf unserer LinkedIn-Seite informieren wir Sie \u00fcber berufliche Perspektiven bei uns und Sie k\u00f6nnen direkt mit uns Kontakt aufnehmen. Dabei werden personenbezogene Nutzerdaten durch die LinkedIn Ireland Unlimited Company, Wilton Plaza, Wilton Place, Dublin 2, Irland (\u201eLinkedIn\u201c) verarbeitet.<\/p><p>Wir nutzen die von LinkedIn bereitgestellten Analytics-Funktionen, um die Performance unserer LinkedIn-Seite optimieren zu k\u00f6nnen. Dabei stellt LinkedIn uns eine statisch aufbereitete \u2013 d.h. anonymisierte \u2013 Zusammenstellung bestimmter Angaben zur Verf\u00fcgung. Diese umfassen unter anderem die folgenden Datenkategorien: Conversions (Erreichen bestimmter Zielvorgaben wie z.B. Anmeldungen zu Veranstaltungen, Leads), Nutzeraktionen (z.B. Klicks, Aufrufe von bestimmten Anzeigen) und Zielgruppen (z.B. berufliche Position, Branche). R\u00fcckschl\u00fcsse auf einzelne User sowie Zugriffe auf einzelne Userprofile durch uns sind dabei nicht m\u00f6glich.<\/p><p>Weitere Informationen zu den Analytics-Funktionen von LinkedIn finden Sie unter:<br \/><a href=\"https:\/\/business.linkedin.com\/de-de\/marketing-solutions\/reporting-analytics\">https:\/\/business.linkedin.com\/de-de\/marketing-solutions\/reporting-analytics<\/a><\/p><p>Daneben ist uns auch eine Suche nach passenden Kandidaten f\u00fcr zu besetzende Stellen anhand bestimmter Merkmale (z.B. aktuelle Position, Kenntnisse, Berufserfahrung, Gehaltsvorstellungen) m\u00f6glich. Auf diese Weise k\u00f6nnen uns konkrete LinkedIn-Profile angezeigt werden, welche wir direkt kontaktieren k\u00f6nnen.<\/p><p>Die Datenschutzerkl\u00e4rung von LinkedIn finden Sie unter:<a href=\"https:\/\/www.linkedin.com\/legal\/privacy-policy\">https:\/\/www.linkedin.com\/legal\/privacy-policy<\/a><\/p><p>\u00a0<\/p><h4>Xing<\/h4><p>Auf unserer XING-Seite informieren wir Sie \u00fcber berufliche Perspektiven bei uns und Sie k\u00f6nnen direkt mit uns Kontakt aufnehmen. Dabei werden personenbezogene Nutzerdaten durch die New Work SE, Dammtorstra\u00dfe 30, 20354 Hamburg (\u201eXING\u201c) verarbeitet. Wir nutzen die Funktion \u201eRecruiter Insights\u201c von XING.<\/p><p>Dies erm\u00f6glicht es uns, anhand bestimmter Zielvorgaben (z.B. aktuelle Position, Kenntnisse, Berufserfahrung, Gehaltsvorstellungen) passende Kandidaten f\u00fcr zu besetzende Stellen zu finden und diese direkt kontaktieren zu k\u00f6nnen. Die verarbeiteten Datenkategorien k\u00f6nnen dabei s\u00e4mtliche vom Nutzer auf seiner eigenen Profilseite angegebenen Informationen erfassen. Daneben erm\u00f6glichen es uns statistische \u2013 d.h. anonymisierte \u2013 Auswertungsfunktionen von \u201eRecruiter Insights\u201c, die Effektivit\u00e4t unserer Kandidatensuche zu messen, z.B. mithilfe von Informationen dazu, auf welche Weise Kandidaten in unseren Bewerberpool aufgenommen wurden (d.h. \u00fcber Stellenanzeigen, Projekte, Empfehlungen oder sonstige Weise) oder zur Antwortrate.<\/p><p>Nutzer von XING k\u00f6nnen unter den Einstellungen f\u00fcr Werbepr\u00e4ferenzen beeinflussen, inwieweit ihr Nutzerverhalten bei dem Besuch auf unserer XING-Seite erfasst werden darf. Weitere M\u00f6glichkeiten bieten die XING-Einstellungen oder das Formular zum Widerspruchsrecht. Die Verarbeitung von Informationen mittels des von XING eingesetzten Cookies kann zu dem dadurch unterbunden werden, dass in den eigenen Browser-Einstellungen Cookies von Drittanbieter oder solche von XING nicht zugelassen werden.<\/p><p>Die Datenschutzerkl\u00e4rung von XING finden Sie unter: <a href=\"https:\/\/privacy.xing.com\/de\/datenschutzerklaerung\">https:\/\/privacy.xing.com\/de\/datenschutzerklaerung<\/a><\/p>\t\t\t\t\t\t\t\t<\/div>\n\t\t\t\t<\/div>\n\t\t\t\t\t<\/div>\n\t\t<\/div>\n\t\t\t\t\t<\/div>\n\t\t<\/section>\n\t\t\t\t<section class=\"elementor-section elementor-top-section elementor-element elementor-element-30ce8019 elementor-section-boxed elementor-section-height-default elementor-section-height-default\" data-id=\"30ce8019\" data-element_type=\"section\" data-e-type=\"section\">\n\t\t\t\t\t\t<div class=\"elementor-container elementor-column-gap-default\">\n\t\t\t\t\t<div class=\"elementor-column elementor-col-100 elementor-top-column elementor-element elementor-element-298a8320\" data-id=\"298a8320\" data-element_type=\"column\" data-e-type=\"column\">\n\t\t\t<div class=\"elementor-widget-wrap elementor-element-populated\">\n\t\t\t\t\t\t<div class=\"elementor-element elementor-element-21f50139 elementor-widget elementor-widget-spacer\" data-id=\"21f50139\" data-element_type=\"widget\" data-e-type=\"widget\" data-widget_type=\"spacer.default\">\n\t\t\t\t<div class=\"elementor-widget-container\">\n\t\t\t\t\t\t\t<div class=\"elementor-spacer\">\n\t\t\t<div class=\"elementor-spacer-inner\"><\/div>\n\t\t<\/div>\n\t\t\t\t\t\t<\/div>\n\t\t\t\t<\/div>\n\t\t\t\t<div class=\"elementor-element elementor-element-5d9ce13 elementor-widget elementor-widget-heading\" data-id=\"5d9ce13\" data-element_type=\"widget\" data-e-type=\"widget\" data-widget_type=\"heading.default\">\n\t\t\t\t<div class=\"elementor-widget-container\">\n\t\t\t\t\t<h3 class=\"elementor-heading-title elementor-size-default\">Daneben verwenden wir folgende weitere Social Media-Tools:<\/h3>\t\t\t\t<\/div>\n\t\t\t\t<\/div>\n\t\t\t\t<div class=\"elementor-element elementor-element-6ae2f56e elementor-widget elementor-widget-text-editor\" data-id=\"6ae2f56e\" data-element_type=\"widget\" data-e-type=\"widget\" data-widget_type=\"text-editor.default\">\n\t\t\t\t<div class=\"elementor-widget-container\">\n\t\t\t\t\t\t\t\t\t<h4>Facebook Custom Audience \/ Facebook-Pixel<\/h4><p>Wir setzen innerhalb unseres Internetauftritts den Besucheraktions-Pixel des Anbieters Facebook Ireland Limited, 4 Grand Canal Square, Dublin 2 D02 X525, Irland (\u201eFacebook\u201c) ein. Implementiert wurde dabei das Remarketing-Tag bzw. Z\u00e4hlpixel von Facebook. F\u00fcr die Datenverarbeitung sind Facebook und wir gemeinsam verantwortlich.<\/p><p><span style=\"color: var( --e-global-color-text ); font-family: var( --e-global-typography-text-font-family ), Sans-serif; font-size: var( --e-global-typography-text-font-size ); font-weight: var( --e-global-typography-text-font-weight );\">Durch das Facebook-Pixel ist es Facebook m\u00f6glich, die Besucher unseres Onlineangebotes als Zielgruppe f\u00fcr die Darstellung von Anzeigen (sog. \u201eFacebook-Ads\u201c) zu bestimmen. Die Nachverfolgung eines Nutzers kann dabei auch \u00fcber mehrere Webseiten hinweg erfolgen. Wir setzen das Facebook-Pixel ein, um die durch uns geschalteten Facebook-Werbeanzeigen nur solchen Facebook-Nutzern anzuzeigen, die ein Interesse an unserem Onlineangebot gezeigt haben oder welche bestimmte Merkmale (z.B. Interesse an bestimmten Themen oder Produkten, die anhand der besuchten Webseiten bestimmt werden) aufweisen, die wir an Facebook \u00fcbermitteln (sog. \u201eCustom Audiences\u201c).<\/span><\/p><p><span style=\"color: var( --e-global-color-text ); font-family: var( --e-global-typography-text-font-family ), Sans-serif; font-size: var( --e-global-typography-text-font-size ); font-weight: var( --e-global-typography-text-font-weight );\">Mit Hilfe des Facebook-Pixels k\u00f6nnen wir zudem die Wirksamkeit der Facebook-Anzeigen f\u00fcr statistische und Marktforschungszwecke nachvollziehen (\u201eAudience Insights\u201c), in dem wir sehen, ob Nutzer nach dem Klick auf eine Facebook-Anzeige auf unsere Website weitergeleitet wurden (sog. \u201eConversion\u201c).<\/span><\/p><p><span style=\"color: var( --e-global-color-text ); font-family: var( --e-global-typography-text-font-family ), Sans-serif; font-size: var( --e-global-typography-text-font-size ); font-weight: var( --e-global-typography-text-font-weight );\">Bei dem Facebook-Pixel handelt es sich um einen Javascript-Code, der die folgenden Daten an Facebook sendet:<\/span><\/p><p>\u2022 HTTP-Header-Informationen: u.a. IP-Adresse, Informationen zum Webbrowser, Seitenspeicherort, Dokument, URL der Webseite und Endger\u00e4t des Webbrowsers (Computer, Smartphone, Tablet, sonstige) sowie Tag und Uhrzeit der Nutzung<br \/>\u2022 Pixelspezifische Daten: Pixel-ID und Facebook-Cookie-Daten einschlie\u00dflich Ihrer Facebook-ID (diese werden verwendet, um Ereignisse mit einem bestimmten Facebook-Werbekonto zu verkn\u00fcpfen und sie somit einem Facebook-Nutzer zuzuordnen)<br \/>\u2022 Zus\u00e4tzliche Informationen \u00fcber den Besuch sowie \u00fcber Standard- und benutzerdefinierte Datenereignisse.<\/p><p>Weitere Informationen finden Sie <a href=\"https:\/\/www.facebook.com\/business\/help\/742478679120153?id=1205376682832142\">hier<\/a>.<\/p><p><span style=\"color: var( --e-global-color-text ); font-family: var( --e-global-typography-text-font-family ), Sans-serif; font-size: var( --e-global-typography-text-font-size ); font-weight: var( --e-global-typography-text-font-weight );\">Zudem nutzen wir die Zusatzfunktion \u201e<a href=\"https:\/\/www.facebook.com\/business\/help\/611774685654668?id=1205376682832142\">automatischer erweiterter Abgleich<\/a>\u201c. Hierbei werden Daten wie Vor- und Nachname, Wohnort, E-Mail-Adressen, Telefonnummern oder Facebook-IDs der Nutzer zur Bildung von Zielgruppen (\u201eCustom Audiences\u201c oder \u201eLook Alike Audiences\u201c) an Facebook in verschl\u00fcsselter Form \u00fcbermittelt. Dies umfasst auch Daten von Nicht-Facebook-Nutzern und von solchen Nutzern, die beim Besuch unserer Webseite nicht bei Facebook angemeldet sind. Hierdurch k\u00f6nnen auch Webseitenbesucher identifiziert werden, die die Speicherung von Drittanbieter-Cookies deaktiviert haben.<\/span><\/p><p>Sofern in Ihrem Browser keine Facebook-Cookies gespeichert sind, wird auch keine Einordnung in eine der als \u201eCustom Audience\u201c bezeichneten Nutzergruppen vorgenommen. Wenn aber eine Zuordnung der im Facebook-Cookie enthaltenen Facebook-ID zu einem Facebook-Nutzer vorgenommen wurde, ordnet Facebook diesen Nutzer anhand der von uns festgelegten Regeln einer sog. \u201eCustom Audience\u201c zu.<\/p><p>Wir sind nach der Rechtsprechung des Europ\u00e4ischen Gerichtshofs zusammen mit Facebook f\u00fcr den Betrieb des Z\u00e4hlpixel hinsichtlich der Einhaltung der Vorschriften zum Datenschutz gemeinsam verantwortlich. In diesem Rahmen stellt Facebook die dazugeh\u00f6rige IT-Infrastruktur sowie die Webseite des sozialen Netzwerks bereit und ist grunds\u00e4tzlich der prim\u00e4re Ansprechpartner, wenn es um die Verarbeitung Ihrer Daten auf den Seiten des sozialen Netzwerks geht (z.B. Auskunft oder L\u00f6schung). Ihre gesetzlichen Rechte k\u00f6nnen Sie jedoch auch uns gegen\u00fcber geltend machen. Wir leiten Ihre Anfragen in diesem Fall an den Betreiber des sozialen Netzwerks weiter.<\/p><p>Soweit eine Daten\u00fcbermittlung au\u00dferhalb von der Europ\u00e4ischen Union (EU) bzw. der Vertragsstaaten zum Abkommen \u00fcber den Europ\u00e4ischen Wirtschaftsraum (EWR) erfolgt, verpflichtet Facebook die Empf\u00e4nger (darunter auch die US-amerikanische Facebook Inc., 1601 S. California Ave, Palo Alto, CA 94304, USA) aufgrund sog. EU-Standardvertragsklauseln zur Einhaltung eines angemessenen Datenschutzstandards. Daneben kann eine \u00dcbermittlung in ein Drittland auch aufgrund der Anerkennung eines angemessenen Datenschutzniveaus durch die Europ\u00e4ische Kommission erfolgen.<\/p><p>Wir setzen das Facebook-Pixel ein, um die von uns geschalteten \u201eFacebook-Ads\u201c solchen Facebook-Nutzern anzuzeigen, die ein Interesse an unserem Onlineangebot gezeigt haben oder welche bestimmte Merkmale aufweisen, die wir an Facebook \u00fcbermitteln (sog. \u201eCustom Audiences\u201c).\u00a0<span style=\"color: var( --e-global-color-text ); font-family: var( --e-global-typography-text-font-family ), Sans-serif; font-size: var( --e-global-typography-text-font-size ); font-weight: var( --e-global-typography-text-font-weight );\">Rechtsgrundlage f\u00fcr die Verwendung von Facebook Custom Audience ist Ihre Einwilligung nach Art. 6 Abs. 1 lit. a) DS-GVO.<\/span><\/p><p>Weitere Informationen hierzu finden Sie <a href=\"https:\/\/www.facebook.com\/business\/help\/651294705016616\">hier<\/a> und in der <a href=\"https:\/\/de-de.facebook.com\/about\/privacy\/\">Datenschutzerkl\u00e4rung von Facebook<\/a>.<\/p>\t\t\t\t\t\t\t\t<\/div>\n\t\t\t\t<\/div>\n\t\t\t\t\t<\/div>\n\t\t<\/div>\n\t\t\t\t\t<\/div>\n\t\t<\/section>\n\t\t\t\t<section class=\"elementor-section elementor-top-section elementor-element elementor-element-17411a3b elementor-section-boxed elementor-section-height-default elementor-section-height-default\" data-id=\"17411a3b\" data-element_type=\"section\" data-e-type=\"section\">\n\t\t\t\t\t\t<div class=\"elementor-container elementor-column-gap-default\">\n\t\t\t\t\t<div class=\"elementor-column elementor-col-100 elementor-top-column elementor-element elementor-element-1139fd9a\" data-id=\"1139fd9a\" data-element_type=\"column\" data-e-type=\"column\">\n\t\t\t<div class=\"elementor-widget-wrap elementor-element-populated\">\n\t\t\t\t\t\t<div class=\"elementor-element elementor-element-63ee0809 elementor-widget elementor-widget-spacer\" data-id=\"63ee0809\" data-element_type=\"widget\" data-e-type=\"widget\" data-widget_type=\"spacer.default\">\n\t\t\t\t<div class=\"elementor-widget-container\">\n\t\t\t\t\t\t\t<div class=\"elementor-spacer\">\n\t\t\t<div class=\"elementor-spacer-inner\"><\/div>\n\t\t<\/div>\n\t\t\t\t\t\t<\/div>\n\t\t\t\t<\/div>\n\t\t\t\t<div class=\"elementor-element elementor-element-2ccf4ddf elementor-widget elementor-widget-heading\" data-id=\"2ccf4ddf\" data-element_type=\"widget\" data-e-type=\"widget\" data-widget_type=\"heading.default\">\n\t\t\t\t<div class=\"elementor-widget-container\">\n\t\t\t\t\t<h3 class=\"elementor-heading-title elementor-size-default\">Wie werden personenbezogene Daten weitergegeben?<\/h3>\t\t\t\t<\/div>\n\t\t\t\t<\/div>\n\t\t\t\t<div class=\"elementor-element elementor-element-5cc916dd elementor-widget elementor-widget-text-editor\" data-id=\"5cc916dd\" data-element_type=\"widget\" data-e-type=\"widget\" data-widget_type=\"text-editor.default\">\n\t\t\t\t<div class=\"elementor-widget-container\">\n\t\t\t\t\t\t\t\t\t<p>F\u00fcr die Zurverf\u00fcgungstellung unseres Angebotes ist in der Regel die Einschaltung weisungsabh\u00e4ngiger Auftragsverarbeiter erforderlich, wie z. B. von Rechenzentrumsbetreibern oder sonstigen Beteiligten.<\/p><p><span style=\"color: var( --e-global-color-text ); font-family: var( --e-global-typography-text-font-family ), Sans-serif; font-size: var( --e-global-typography-text-font-size ); font-weight: var( --e-global-typography-text-font-weight );\">Externe Dienstleister, die f\u00fcr uns im Auftrag Daten verarbeiten, werden von uns sorgf\u00e4ltig ausgew\u00e4hlt und vertraglich streng verpflichtet. Die Dienstleister arbeiten nach unserer Weisung, was durch strenge vertragliche Regelungen, durch technische und organisatorische Ma\u00dfnahmen und durch erg\u00e4nzende Kontrollen sichergestellt wird.<\/span><\/p><p><span style=\"color: var( --e-global-color-text ); font-family: var( --e-global-typography-text-font-family ), Sans-serif; font-size: var( --e-global-typography-text-font-size ); font-weight: var( --e-global-typography-text-font-weight );\">Ihre auf unserer Profilseite bei dem jeweiligen sozialen Netzwerk erhobenen Daten geben wir grunds\u00e4tzlich nicht an Dritte weiter, es sei denn, dies ist aufgrund einer Einwilligung von Ihnen oder zur Erf\u00fcllung eines Vertrags mit Ihnen erforderlich. Soweit wir externe Dienstleister einsetzen (z.B. im Bereich der IT), erfolgt dies in Form einer Auftragsverarbeitung mit dem Dienstleister, aufgrund derer dieser zur Datenverarbeitung gem\u00e4\u00df unseren Weisungen verpflichtet ist. Zudem kann eine Weitergabe an Gerichte und zust\u00e4ndige Strafverfolgungs- und Aufsichtsbeh\u00f6rden aufgrund beh\u00f6rdlicher Anordnung und gesetzlicher Verpflichtung erfolgen.<\/span><\/p><p><span style=\"color: var( --e-global-color-text ); font-family: var( --e-global-typography-text-font-family ), Sans-serif; font-size: var( --e-global-typography-text-font-size ); font-weight: var( --e-global-typography-text-font-weight );\">Wir weisen darauf hin, dass die US-amerikanischen Anbieter Facebook, Instagram, Twitter, YouTube und LinkedIn personenbezogene Daten in die USA \u00fcbermitteln k\u00f6nnen. Diese Anbieter verpflichten Empf\u00e4nger au\u00dferhalb von EU\/EWR aufgrund sog. EU-Standardvertragsklauseln zur Einhaltung eines angemessenen Datenschutzstandards. Daneben kann eine \u00dcbermittlung in ein Drittland auch aufgrund der Anerkennung eines angemessenen Datenschutzniveaus durch die Europ\u00e4ische Kommission (sog. Angemessenheitsbeschluss) erfolgen.<\/span><\/p><p><span style=\"color: var( --e-global-color-text ); font-family: var( --e-global-typography-text-font-family ), Sans-serif; font-size: var( --e-global-typography-text-font-size ); font-weight: var( --e-global-typography-text-font-weight );\">Eine \u00dcbermittlung Ihrer Daten erfolgt im \u00dcbrigen nur, wenn Sie uns dazu eine ausdr\u00fcckliche Einwilligung erteilt haben oder aufgrund einer gesetzlichen Regelung.<\/span><\/p>\t\t\t\t\t\t\t\t<\/div>\n\t\t\t\t<\/div>\n\t\t\t\t\t<\/div>\n\t\t<\/div>\n\t\t\t\t\t<\/div>\n\t\t<\/section>\n\t\t\t\t<section class=\"elementor-section elementor-top-section elementor-element elementor-element-41d84872 elementor-section-boxed elementor-section-height-default elementor-section-height-default\" data-id=\"41d84872\" data-element_type=\"section\" data-e-type=\"section\">\n\t\t\t\t\t\t<div class=\"elementor-container elementor-column-gap-default\">\n\t\t\t\t\t<div class=\"elementor-column elementor-col-100 elementor-top-column elementor-element elementor-element-f2c346\" data-id=\"f2c346\" data-element_type=\"column\" data-e-type=\"column\">\n\t\t\t<div class=\"elementor-widget-wrap elementor-element-populated\">\n\t\t\t\t\t\t<div class=\"elementor-element elementor-element-12cb0fbc elementor-widget elementor-widget-spacer\" data-id=\"12cb0fbc\" data-element_type=\"widget\" data-e-type=\"widget\" data-widget_type=\"spacer.default\">\n\t\t\t\t<div class=\"elementor-widget-container\">\n\t\t\t\t\t\t\t<div class=\"elementor-spacer\">\n\t\t\t<div class=\"elementor-spacer-inner\"><\/div>\n\t\t<\/div>\n\t\t\t\t\t\t<\/div>\n\t\t\t\t<\/div>\n\t\t\t\t<div class=\"elementor-element elementor-element-220101e4 elementor-widget elementor-widget-heading\" data-id=\"220101e4\" data-element_type=\"widget\" data-e-type=\"widget\" data-widget_type=\"heading.default\">\n\t\t\t\t<div class=\"elementor-widget-container\">\n\t\t\t\t\t<h3 class=\"elementor-heading-title elementor-size-default\">Ihre gesetzlichen Rechte<\/h3>\t\t\t\t<\/div>\n\t\t\t\t<\/div>\n\t\t\t\t<div class=\"elementor-element elementor-element-512bfc0e elementor-widget elementor-widget-text-editor\" data-id=\"512bfc0e\" data-element_type=\"widget\" data-e-type=\"widget\" data-widget_type=\"text-editor.default\">\n\t\t\t\t<div class=\"elementor-widget-container\">\n\t\t\t\t\t\t\t\t\tHier finden Sie Ihre Rechte in Bezug auf Ihre personenbezogenen Daten. Einzelheiten dazu ergeben sich aus den Artikeln 7, 15-22 und 77 DS-GVO. Sie k\u00f6nnen sich diesbez\u00fcglich an uns als die verantwortliche Stelle oder an unseren Datenschutzbeauftragten (Ziff. 3) wenden.\t\t\t\t\t\t\t\t<\/div>\n\t\t\t\t<\/div>\n\t\t\t\t\t<\/div>\n\t\t<\/div>\n\t\t\t\t\t<\/div>\n\t\t<\/section>\n\t\t\t\t<section class=\"elementor-section elementor-top-section elementor-element elementor-element-71d48a04 elementor-section-boxed elementor-section-height-default elementor-section-height-default\" data-id=\"71d48a04\" data-element_type=\"section\" data-e-type=\"section\">\n\t\t\t\t\t\t<div class=\"elementor-container elementor-column-gap-default\">\n\t\t\t\t\t<div class=\"elementor-column elementor-col-100 elementor-top-column elementor-element elementor-element-297891ba\" data-id=\"297891ba\" data-element_type=\"column\" data-e-type=\"column\">\n\t\t\t<div class=\"elementor-widget-wrap elementor-element-populated\">\n\t\t\t\t\t\t<div class=\"elementor-element elementor-element-2202a9a1 elementor-widget elementor-widget-heading\" data-id=\"2202a9a1\" data-element_type=\"widget\" data-e-type=\"widget\" data-widget_type=\"heading.default\">\n\t\t\t\t<div class=\"elementor-widget-container\">\n\t\t\t\t\t<h5 class=\"elementor-heading-title elementor-size-default\">a) Recht auf Widerruf Ihrer datenschutzrechtlichen Einwilligung nach Art. 7 Abs. 3 S. 1 DS-GVO<\/h5>\t\t\t\t<\/div>\n\t\t\t\t<\/div>\n\t\t\t\t<div class=\"elementor-element elementor-element-6565eb52 elementor-widget elementor-widget-text-editor\" data-id=\"6565eb52\" data-element_type=\"widget\" data-e-type=\"widget\" data-widget_type=\"text-editor.default\">\n\t\t\t\t<div class=\"elementor-widget-container\">\n\t\t\t\t\t\t\t\t\t<p>Sie k\u00f6nnen eine Einwilligung in die Verarbeitung Ihrer personenbezogenen Daten jederzeit mit Wirkung f\u00fcr die Zukunft widerrufen. Die Rechtm\u00e4\u00dfigkeit der bis zum Widerruf erfolgten Verarbeitung wird davon jedoch nicht ber\u00fchrt.<\/p>\t\t\t\t\t\t\t\t<\/div>\n\t\t\t\t<\/div>\n\t\t\t\t\t<\/div>\n\t\t<\/div>\n\t\t\t\t\t<\/div>\n\t\t<\/section>\n\t\t\t\t<section class=\"elementor-section elementor-top-section elementor-element elementor-element-ea3b2dd elementor-section-boxed elementor-section-height-default elementor-section-height-default\" data-id=\"ea3b2dd\" data-element_type=\"section\" data-e-type=\"section\">\n\t\t\t\t\t\t<div class=\"elementor-container elementor-column-gap-default\">\n\t\t\t\t\t<div class=\"elementor-column elementor-col-100 elementor-top-column elementor-element elementor-element-bda3a29\" data-id=\"bda3a29\" data-element_type=\"column\" data-e-type=\"column\">\n\t\t\t<div class=\"elementor-widget-wrap elementor-element-populated\">\n\t\t\t\t\t\t<div class=\"elementor-element elementor-element-227b50e elementor-widget elementor-widget-heading\" data-id=\"227b50e\" data-element_type=\"widget\" data-e-type=\"widget\" data-widget_type=\"heading.default\">\n\t\t\t\t<div class=\"elementor-widget-container\">\n\t\t\t\t\t<h5 class=\"elementor-heading-title elementor-size-default\">b) Auskunftsrecht nach Art. 15 DS-GVO<\/h5>\t\t\t\t<\/div>\n\t\t\t\t<\/div>\n\t\t\t\t<div class=\"elementor-element elementor-element-b57ed45 elementor-widget elementor-widget-text-editor\" data-id=\"b57ed45\" data-element_type=\"widget\" data-e-type=\"widget\" data-widget_type=\"text-editor.default\">\n\t\t\t\t<div class=\"elementor-widget-container\">\n\t\t\t\t\t\t\t\t\t<p>Sie k\u00f6nnen eine Einwilligung in die Verarbeitung Ihrer personenbezogenen Daten jederzeit mit Wirkung f\u00fcr die Zukunft widerrufen. Die Rechtm\u00e4\u00dfigkeit der bis zum Widerruf erfolgten Verarbeitung wird davon jedoch nicht ber\u00fchrt.<\/p>\t\t\t\t\t\t\t\t<\/div>\n\t\t\t\t<\/div>\n\t\t\t\t\t<\/div>\n\t\t<\/div>\n\t\t\t\t\t<\/div>\n\t\t<\/section>\n\t\t\t\t<section class=\"elementor-section elementor-top-section elementor-element elementor-element-b1ae237 elementor-section-boxed elementor-section-height-default elementor-section-height-default\" data-id=\"b1ae237\" data-element_type=\"section\" data-e-type=\"section\">\n\t\t\t\t\t\t<div class=\"elementor-container elementor-column-gap-default\">\n\t\t\t\t\t<div class=\"elementor-column elementor-col-100 elementor-top-column elementor-element elementor-element-2883fe4\" data-id=\"2883fe4\" data-element_type=\"column\" data-e-type=\"column\">\n\t\t\t<div class=\"elementor-widget-wrap elementor-element-populated\">\n\t\t\t\t\t\t<div class=\"elementor-element elementor-element-728eefd elementor-widget elementor-widget-heading\" data-id=\"728eefd\" data-element_type=\"widget\" data-e-type=\"widget\" data-widget_type=\"heading.default\">\n\t\t\t\t<div class=\"elementor-widget-container\">\n\t\t\t\t\t<h5 class=\"elementor-heading-title elementor-size-default\">c) Recht auf Berichtigung und Vervollst\u00e4ndigung nach Art. 16 DS-GVO<\/h5>\t\t\t\t<\/div>\n\t\t\t\t<\/div>\n\t\t\t\t<div class=\"elementor-element elementor-element-f391e95 elementor-widget elementor-widget-text-editor\" data-id=\"f391e95\" data-element_type=\"widget\" data-e-type=\"widget\" data-widget_type=\"text-editor.default\">\n\t\t\t\t<div class=\"elementor-widget-container\">\n\t\t\t\t\t\t\t\t\t<p>Sie haben das Recht, unverz\u00fcglich die Berichtigung unrichtiger Daten zu verlangen. Unter Ber\u00fccksichtigung der Zwecke der Verarbeitung haben Sie das Recht, die Vervollst\u00e4ndigung unvollst\u00e4ndiger Daten zu verlangen.<\/p>\t\t\t\t\t\t\t\t<\/div>\n\t\t\t\t<\/div>\n\t\t\t\t\t<\/div>\n\t\t<\/div>\n\t\t\t\t\t<\/div>\n\t\t<\/section>\n\t\t\t\t<section class=\"elementor-section elementor-top-section elementor-element elementor-element-bbdc725 elementor-section-boxed elementor-section-height-default elementor-section-height-default\" data-id=\"bbdc725\" data-element_type=\"section\" data-e-type=\"section\">\n\t\t\t\t\t\t<div class=\"elementor-container elementor-column-gap-default\">\n\t\t\t\t\t<div class=\"elementor-column elementor-col-100 elementor-top-column elementor-element elementor-element-23229eb\" data-id=\"23229eb\" data-element_type=\"column\" data-e-type=\"column\">\n\t\t\t<div class=\"elementor-widget-wrap elementor-element-populated\">\n\t\t\t\t\t\t<div class=\"elementor-element elementor-element-3ae9e34 elementor-widget elementor-widget-heading\" data-id=\"3ae9e34\" data-element_type=\"widget\" data-e-type=\"widget\" data-widget_type=\"heading.default\">\n\t\t\t\t<div class=\"elementor-widget-container\">\n\t\t\t\t\t<h5 class=\"elementor-heading-title elementor-size-default\">d) Recht auf L\u00f6schung (\u201eRecht auf Vergessenwerden\u201c) nach Art. 17 DS-GVO<\/h5>\t\t\t\t<\/div>\n\t\t\t\t<\/div>\n\t\t\t\t<div class=\"elementor-element elementor-element-a922056 elementor-widget elementor-widget-text-editor\" data-id=\"a922056\" data-element_type=\"widget\" data-e-type=\"widget\" data-widget_type=\"text-editor.default\">\n\t\t\t\t<div class=\"elementor-widget-container\">\n\t\t\t\t\t\t\t\t\t<p>Sie haben ein Recht zur L\u00f6schung, soweit die Verarbeitung nicht erforderlich ist. Dies ist beispielsweise der Fall, wenn Ihre Daten f\u00fcr die urspr\u00fcnglichen Zwecke nicht mehr notwendig sind, sie Ihre datenschutzrechtliche Einwilligungserkl\u00e4rung widerrufen haben oder die Daten unrechtm\u00e4\u00dfig verarbeitet wurden.<\/p>\t\t\t\t\t\t\t\t<\/div>\n\t\t\t\t<\/div>\n\t\t\t\t\t<\/div>\n\t\t<\/div>\n\t\t\t\t\t<\/div>\n\t\t<\/section>\n\t\t\t\t<section class=\"elementor-section elementor-top-section elementor-element elementor-element-8fbe651 elementor-section-boxed elementor-section-height-default elementor-section-height-default\" data-id=\"8fbe651\" data-element_type=\"section\" data-e-type=\"section\">\n\t\t\t\t\t\t<div class=\"elementor-container elementor-column-gap-default\">\n\t\t\t\t\t<div class=\"elementor-column elementor-col-100 elementor-top-column elementor-element elementor-element-42db2ec\" data-id=\"42db2ec\" data-element_type=\"column\" data-e-type=\"column\">\n\t\t\t<div class=\"elementor-widget-wrap elementor-element-populated\">\n\t\t\t\t\t\t<div class=\"elementor-element elementor-element-57e5ed3 elementor-widget elementor-widget-heading\" data-id=\"57e5ed3\" data-element_type=\"widget\" data-e-type=\"widget\" data-widget_type=\"heading.default\">\n\t\t\t\t<div class=\"elementor-widget-container\">\n\t\t\t\t\t<h5 class=\"elementor-heading-title elementor-size-default\">e) Recht auf Einschr\u00e4nkung der Verarbeitung nach Art. 18 DS-GVO<\/h5>\t\t\t\t<\/div>\n\t\t\t\t<\/div>\n\t\t\t\t<div class=\"elementor-element elementor-element-d82a939 elementor-widget elementor-widget-text-editor\" data-id=\"d82a939\" data-element_type=\"widget\" data-e-type=\"widget\" data-widget_type=\"text-editor.default\">\n\t\t\t\t<div class=\"elementor-widget-container\">\n\t\t\t\t\t\t\t\t\t<p>Sie haben ein Recht auf Einschr\u00e4nkung der Verarbeitung, z.B. wenn Sie der Meinung sind, die personenbezogenen Daten seien unrichtig.<\/p>\t\t\t\t\t\t\t\t<\/div>\n\t\t\t\t<\/div>\n\t\t\t\t\t<\/div>\n\t\t<\/div>\n\t\t\t\t\t<\/div>\n\t\t<\/section>\n\t\t\t\t<section class=\"elementor-section elementor-top-section elementor-element elementor-element-cb1ee13 elementor-section-boxed elementor-section-height-default elementor-section-height-default\" data-id=\"cb1ee13\" data-element_type=\"section\" data-e-type=\"section\">\n\t\t\t\t\t\t<div class=\"elementor-container elementor-column-gap-default\">\n\t\t\t\t\t<div class=\"elementor-column elementor-col-100 elementor-top-column elementor-element elementor-element-5c490c3\" data-id=\"5c490c3\" data-element_type=\"column\" data-e-type=\"column\">\n\t\t\t<div class=\"elementor-widget-wrap elementor-element-populated\">\n\t\t\t\t\t\t<div class=\"elementor-element elementor-element-98a53c1 elementor-widget elementor-widget-heading\" data-id=\"98a53c1\" data-element_type=\"widget\" data-e-type=\"widget\" data-widget_type=\"heading.default\">\n\t\t\t\t<div class=\"elementor-widget-container\">\n\t\t\t\t\t<h5 class=\"elementor-heading-title elementor-size-default\">f) Recht auf Daten\u00fcbertragbarkeit nach Art. 20 DS-GVO<\/h5>\t\t\t\t<\/div>\n\t\t\t\t<\/div>\n\t\t\t\t<div class=\"elementor-element elementor-element-5ff04f5 elementor-widget elementor-widget-text-editor\" data-id=\"5ff04f5\" data-element_type=\"widget\" data-e-type=\"widget\" data-widget_type=\"text-editor.default\">\n\t\t\t\t<div class=\"elementor-widget-container\">\n\t\t\t\t\t\t\t\t\t<p>Sie haben das Recht, die Sie betreffenden personenbezogenen Daten in einem strukturierten, g\u00e4ngigen und maschinenlesbaren Format zu erhalten.<\/p>\t\t\t\t\t\t\t\t<\/div>\n\t\t\t\t<\/div>\n\t\t\t\t\t<\/div>\n\t\t<\/div>\n\t\t\t\t\t<\/div>\n\t\t<\/section>\n\t\t\t\t<section class=\"elementor-section elementor-top-section elementor-element elementor-element-781638b elementor-section-boxed elementor-section-height-default elementor-section-height-default\" data-id=\"781638b\" data-element_type=\"section\" data-e-type=\"section\">\n\t\t\t\t\t\t<div class=\"elementor-container elementor-column-gap-default\">\n\t\t\t\t\t<div class=\"elementor-column elementor-col-100 elementor-top-column elementor-element elementor-element-a998520\" data-id=\"a998520\" data-element_type=\"column\" data-e-type=\"column\">\n\t\t\t<div class=\"elementor-widget-wrap elementor-element-populated\">\n\t\t\t\t\t\t<div class=\"elementor-element elementor-element-6414916 elementor-widget elementor-widget-heading\" data-id=\"6414916\" data-element_type=\"widget\" data-e-type=\"widget\" data-widget_type=\"heading.default\">\n\t\t\t\t<div class=\"elementor-widget-container\">\n\t\t\t\t\t<h5 class=\"elementor-heading-title elementor-size-default\">g) Widerspruchsrecht nach Art. 21 DS-GVO<\/h5>\t\t\t\t<\/div>\n\t\t\t\t<\/div>\n\t\t\t\t<div class=\"elementor-element elementor-element-caa6240 elementor-widget elementor-widget-text-editor\" data-id=\"caa6240\" data-element_type=\"widget\" data-e-type=\"widget\" data-widget_type=\"text-editor.default\">\n\t\t\t\t<div class=\"elementor-widget-container\">\n\t\t\t\t\t\t\t\t\t<p>Sie haben das Recht, jederzeit aus Gr\u00fcnden, die sich aus Ihrer besonderen Situation ergeben, gegen die Verarbeitung bestimmter Sie betreffender personenbezogener Daten Widerspruch einzulegen.<\/p><p>Im Falle von Direktwerbung haben Sie als betroffene Person das Recht, jederzeit Widerspruch gegen die Verarbeitung Sie betreffender personenbezogener Daten zum Zwecke derartiger Werbung einzulegen; dies gilt auch f\u00fcr das Profiling, soweit es mit solcher Direktwerbung in Verbindung steht.<\/p>\t\t\t\t\t\t\t\t<\/div>\n\t\t\t\t<\/div>\n\t\t\t\t\t<\/div>\n\t\t<\/div>\n\t\t\t\t\t<\/div>\n\t\t<\/section>\n\t\t\t\t<section class=\"elementor-section elementor-top-section elementor-element elementor-element-f5aedc8 elementor-section-boxed elementor-section-height-default elementor-section-height-default\" data-id=\"f5aedc8\" data-element_type=\"section\" data-e-type=\"section\">\n\t\t\t\t\t\t<div class=\"elementor-container elementor-column-gap-default\">\n\t\t\t\t\t<div class=\"elementor-column elementor-col-100 elementor-top-column elementor-element elementor-element-f92a98e\" data-id=\"f92a98e\" data-element_type=\"column\" data-e-type=\"column\">\n\t\t\t<div class=\"elementor-widget-wrap elementor-element-populated\">\n\t\t\t\t\t\t<div class=\"elementor-element elementor-element-432bb49 elementor-widget elementor-widget-heading\" data-id=\"432bb49\" data-element_type=\"widget\" data-e-type=\"widget\" data-widget_type=\"heading.default\">\n\t\t\t\t<div class=\"elementor-widget-container\">\n\t\t\t\t\t<h5 class=\"elementor-heading-title elementor-size-default\">h) Automatisierte Entscheidung im Einzelfall einschlie\u00dflich Profiling nach Art. 22 DS-GVO<\/h5>\t\t\t\t<\/div>\n\t\t\t\t<\/div>\n\t\t\t\t<div class=\"elementor-element elementor-element-566b5dd elementor-widget elementor-widget-text-editor\" data-id=\"566b5dd\" data-element_type=\"widget\" data-e-type=\"widget\" data-widget_type=\"text-editor.default\">\n\t\t\t\t<div class=\"elementor-widget-container\">\n\t\t\t\t\t\t\t\t\t<p>Sie haben das Recht, nicht einer ausschlie\u00dflich auf einer automatisierten Verarbeitung \u2013 einschlie\u00dflich Profiling \u2013 beruhenden Entscheidung unterworfen zu werden, au\u00dfer in den in Art. 22 DS-GVO erw\u00e4hnten Ausnahmetatbest\u00e4nden.<\/p><p>Eine ausschlie\u00dflich auf einer automatisierten Verarbeitung \u2013 einschlie\u00dflich Profiling \u2013 beruhende Entscheidungsfindung findet nicht statt.<\/p>\t\t\t\t\t\t\t\t<\/div>\n\t\t\t\t<\/div>\n\t\t\t\t\t<\/div>\n\t\t<\/div>\n\t\t\t\t\t<\/div>\n\t\t<\/section>\n\t\t\t\t<section class=\"elementor-section elementor-top-section elementor-element elementor-element-661d567 elementor-section-boxed elementor-section-height-default elementor-section-height-default\" data-id=\"661d567\" data-element_type=\"section\" data-e-type=\"section\">\n\t\t\t\t\t\t<div class=\"elementor-container elementor-column-gap-default\">\n\t\t\t\t\t<div class=\"elementor-column elementor-col-100 elementor-top-column elementor-element elementor-element-4007261\" data-id=\"4007261\" data-element_type=\"column\" data-e-type=\"column\">\n\t\t\t<div class=\"elementor-widget-wrap elementor-element-populated\">\n\t\t\t\t\t\t<div class=\"elementor-element elementor-element-98d3497 elementor-widget elementor-widget-heading\" data-id=\"98d3497\" data-element_type=\"widget\" data-e-type=\"widget\" data-widget_type=\"heading.default\">\n\t\t\t\t<div class=\"elementor-widget-container\">\n\t\t\t\t\t<h5 class=\"elementor-heading-title elementor-size-default\">i) Beschwerde bei einer Datenschutzaufsichtsbeh\u00f6rde nach Art. 77 DS-GVO<\/h5>\t\t\t\t<\/div>\n\t\t\t\t<\/div>\n\t\t\t\t<div class=\"elementor-element elementor-element-ed5a626 elementor-widget elementor-widget-text-editor\" data-id=\"ed5a626\" data-element_type=\"widget\" data-e-type=\"widget\" data-widget_type=\"text-editor.default\">\n\t\t\t\t<div class=\"elementor-widget-container\">\n\t\t\t\t\t\t\t\t\t<p>Au\u00dferdem k\u00f6nnen Sie jederzeit Beschwerde bei einer Datenschutzaufsichtsbeh\u00f6rde einlegen, beispielsweise wenn Sie der Meinung sind, dass die Datenverarbeitung nicht im Einklang mit datenschutzrechtlichen Vorschriften steht.<\/p>\t\t\t\t\t\t\t\t<\/div>\n\t\t\t\t<\/div>\n\t\t\t\t<div class=\"elementor-element elementor-element-01aa818 elementor-widget elementor-widget-text-editor\" data-id=\"01aa818\" data-element_type=\"widget\" data-e-type=\"widget\" data-widget_type=\"text-editor.default\">\n\t\t\t\t<div class=\"elementor-widget-container\">\n\t\t\t\t\t\t\t\t\t<p>Zust\u00e4ndige Aufsichtsbeh\u00f6rde:<\/p><p>\u00d6sterreichische Datenschutzbeh\u00f6rde<br \/><span style=\"color: var( --e-global-color-text ); font-family: var( --e-global-typography-text-font-family ), Sans-serif; font-size: var( --e-global-typography-text-font-size ); font-weight: var( --e-global-typography-text-font-weight );\">Barichgasse 40-42<br \/><\/span><span style=\"color: var( --e-global-color-text ); font-family: var( --e-global-typography-text-font-family ), Sans-serif; font-size: var( --e-global-typography-text-font-size ); font-weight: var( --e-global-typography-text-font-weight );\">1030 Wien<\/span><\/p><p><span style=\"color: var( --e-global-color-text ); font-family: var( --e-global-typography-text-font-family ), Sans-serif; font-size: var( --e-global-typography-text-font-size ); font-weight: var( --e-global-typography-text-font-weight );\">Telefon: +43 1 521 52-25 69<br \/><\/span><span style=\"color: var( --e-global-color-text ); font-family: var( --e-global-typography-text-font-family ), Sans-serif; font-size: var( --e-global-typography-text-font-size ); font-weight: var( --e-global-typography-text-font-weight );\">E Mail: <a href=\"mailto:dsb@dsb.gv.at\">dsb@dsb.gv.at<\/a><\/span><\/p><div>\u00a0<\/div><p>F\u00fcr die Aus\u00fcbung Ihrer Rechte k\u00f6nnen Sie sich diesbez\u00fcglich an uns als verantwortliche Stelle oder an unseren Datenschutzbeauftragten wenden.<\/p>\t\t\t\t\t\t\t\t<\/div>\n\t\t\t\t<\/div>\n\t\t\t\t\t<\/div>\n\t\t<\/div>\n\t\t\t\t\t<\/div>\n\t\t<\/section>\n\t\t\t\t<\/div>\n\t\t","protected":false},"excerpt":{"rendered":"<p>Datenschutzhinweise Social Media Mit diesem Hinweis m\u00f6chten wir Sie dar\u00fcber informieren, welche Daten wir von Ihnen auf unseren Social Media-Pr\u00e4senzen erheben und wie wir diese nutzen. Mit diesem Hinweis m\u00f6chten wir Sie dar\u00fcber informieren, welche Daten wir von Ihnen auf unseren Social Media-Pr\u00e4senzen erheben und wie wir diese nutzen. Sie finden uns in verschiedenen sozialen [&hellip;]<\/p>\n","protected":false},"author":13,"featured_media":0,"parent":0,"menu_order":0,"comment_status":"closed","ping_status":"closed","template":"","meta":{"_acf_changed":false,"inline_featured_image":false,"footnotes":""},"folder":[],"class_list":["post-12320","page","type-page","status-publish","hentry"],"yoast_head":"<!-- This site is optimized with the Yoast SEO Premium plugin v24.6 (Yoast SEO v27.2) - https:\/\/yoast.com\/product\/yoast-seo-premium-wordpress\/ -->\n<title>Datenschutzhinweise Social Media<\/title>\n<meta name=\"description\" content=\"Datenschutzhinweise Social Media Mit diesem Hinweis m\u00f6chten wir Sie dar\u00fcber informieren, welche Daten wir von Ihnen auf unseren Social Media-Pr\u00e4senzen\" \/>\n<meta name=\"robots\" content=\"index, follow, max-snippet:-1, max-image-preview:large, max-video-preview:-1\" \/>\n<link rel=\"canonical\" href=\"https:\/\/www.celum.com\/de\/datenschutzhinweise-social-media\/\" \/>\n<meta property=\"og:locale\" content=\"de_DE\" \/>\n<meta property=\"og:type\" content=\"article\" \/>\n<meta property=\"og:title\" content=\"Datenschutzhinweise Social Media\" \/>\n<meta property=\"og:description\" content=\"Datenschutzhinweise Social Media Mit diesem Hinweis m\u00f6chten wir Sie dar\u00fcber informieren, welche Daten wir von Ihnen auf unseren Social Media-Pr\u00e4senzen\" \/>\n<meta property=\"og:url\" content=\"https:\/\/www.celum.com\/de\/datenschutzhinweise-social-media\/\" \/>\n<meta property=\"og:site_name\" content=\"Celum\" \/>\n<meta property=\"article:publisher\" content=\"https:\/\/www.facebook.com\/celumcorporate\/\" \/>\n<meta property=\"article:modified_time\" content=\"2025-03-25T18:25:54+00:00\" \/>\n<meta property=\"og:image\" content=\"https:\/\/www.celum.com\/de\/wp-content\/uploads\/sites\/3\/2021\/03\/NEW-Light.svg\" \/>\n\t<meta property=\"og:image:width\" content=\"239\" \/>\n\t<meta property=\"og:image:height\" content=\"218\" \/>\n\t<meta property=\"og:image:type\" content=\"image\/jpeg\" \/>\n<meta name=\"twitter:card\" content=\"summary_large_image\" \/>\n<meta name=\"twitter:site\" content=\"@CELUM\" \/>\n<meta name=\"twitter:label1\" content=\"Gesch\u00e4tzte Lesezeit\" \/>\n\t<meta name=\"twitter:data1\" content=\"18\u00a0Minuten\" \/>\n<script type=\"application\/ld+json\" class=\"yoast-schema-graph\">{\"@context\":\"https:\/\/schema.org\",\"@graph\":[{\"@type\":\"WebPage\",\"@id\":\"https:\/\/www.celum.com\/de\/datenschutzhinweise-social-media\/\",\"url\":\"https:\/\/www.celum.com\/de\/datenschutzhinweise-social-media\/\",\"name\":\"Datenschutzhinweise Social Media\",\"isPartOf\":{\"@id\":\"https:\/\/www.celum.com\/de\/#website\"},\"primaryImageOfPage\":{\"@id\":\"https:\/\/www.celum.com\/de\/datenschutzhinweise-social-media\/#primaryimage\"},\"image\":{\"@id\":\"https:\/\/www.celum.com\/de\/datenschutzhinweise-social-media\/#primaryimage\"},\"thumbnailUrl\":\"https:\/\/www.celum.com\/de\/wp-content\/uploads\/sites\/3\/2021\/03\/NEW-Light.svg\",\"datePublished\":\"2021-05-28T09:37:36+00:00\",\"dateModified\":\"2025-03-25T18:25:54+00:00\",\"description\":\"Datenschutzhinweise Social Media Mit diesem Hinweis m\u00f6chten wir Sie dar\u00fcber informieren, welche Daten wir von Ihnen auf unseren Social Media-Pr\u00e4senzen\",\"inLanguage\":\"de\",\"potentialAction\":[{\"@type\":\"ReadAction\",\"target\":[\"https:\/\/www.celum.com\/de\/datenschutzhinweise-social-media\/\"]}]},{\"@type\":\"ImageObject\",\"inLanguage\":\"de\",\"@id\":\"https:\/\/www.celum.com\/de\/datenschutzhinweise-social-media\/#primaryimage\",\"url\":\"https:\/\/www.celum.com\/de\/wp-content\/uploads\/sites\/3\/2021\/03\/NEW-Light.svg\",\"contentUrl\":\"https:\/\/www.celum.com\/de\/wp-content\/uploads\/sites\/3\/2021\/03\/NEW-Light.svg\",\"width\":239,\"height\":218},{\"@type\":\"WebSite\",\"@id\":\"https:\/\/www.celum.com\/de\/#website\",\"url\":\"https:\/\/www.celum.com\/de\/\",\"name\":\"CELUM\",\"description\":\"Make Brands. Sell Products.\",\"publisher\":{\"@id\":\"https:\/\/www.celum.com\/de\/#organization\"},\"potentialAction\":[{\"@type\":\"SearchAction\",\"target\":{\"@type\":\"EntryPoint\",\"urlTemplate\":\"https:\/\/www.celum.com\/de\/?s={search_term_string}\"},\"query-input\":{\"@type\":\"PropertyValueSpecification\",\"valueRequired\":true,\"valueName\":\"search_term_string\"}}],\"inLanguage\":\"de\"},{\"@type\":\"Organization\",\"@id\":\"https:\/\/www.celum.com\/de\/#organization\",\"name\":\"CELUM\",\"url\":\"https:\/\/www.celum.com\/de\/\",\"logo\":{\"@type\":\"ImageObject\",\"inLanguage\":\"de\",\"@id\":\"https:\/\/www.celum.com\/de\/#\/schema\/logo\/image\/\",\"url\":\"https:\/\/www.celum.com\/de\/wp-content\/uploads\/sites\/3\/2021\/01\/celum-header-logo.svg\",\"contentUrl\":\"https:\/\/www.celum.com\/de\/wp-content\/uploads\/sites\/3\/2021\/01\/celum-header-logo.svg\",\"width\":1,\"height\":1,\"caption\":\"CELUM\"},\"image\":{\"@id\":\"https:\/\/www.celum.com\/de\/#\/schema\/logo\/image\/\"},\"sameAs\":[\"https:\/\/www.facebook.com\/celumcorporate\/\",\"https:\/\/x.com\/CELUM\",\"https:\/\/www.instagram.com\/celum_life\/\",\"https:\/\/www.linkedin.com\/company\/328144\/\",\"https:\/\/www.youtube.com\/user\/celumTV\/\"]}]}<\/script>\n<!-- \/ Yoast SEO Premium plugin. -->","yoast_head_json":{"title":"Datenschutzhinweise Social Media","description":"Datenschutzhinweise Social Media Mit diesem Hinweis m\u00f6chten wir Sie dar\u00fcber informieren, welche Daten wir von Ihnen auf unseren Social Media-Pr\u00e4senzen","robots":{"index":"index","follow":"follow","max-snippet":"max-snippet:-1","max-image-preview":"max-image-preview:large","max-video-preview":"max-video-preview:-1"},"canonical":"https:\/\/www.celum.com\/de\/datenschutzhinweise-social-media\/","og_locale":"de_DE","og_type":"article","og_title":"Datenschutzhinweise Social Media","og_description":"Datenschutzhinweise Social Media Mit diesem Hinweis m\u00f6chten wir Sie dar\u00fcber informieren, welche Daten wir von Ihnen auf unseren Social Media-Pr\u00e4senzen","og_url":"https:\/\/www.celum.com\/de\/datenschutzhinweise-social-media\/","og_site_name":"Celum","article_publisher":"https:\/\/www.facebook.com\/celumcorporate\/","article_modified_time":"2025-03-25T18:25:54+00:00","og_image":[{"width":239,"height":218,"url":"https:\/\/www.celum.com\/de\/wp-content\/uploads\/sites\/3\/2021\/03\/NEW-Light.svg","type":"image\/jpeg"}],"twitter_card":"summary_large_image","twitter_site":"@CELUM","twitter_misc":{"Gesch\u00e4tzte Lesezeit":"18\u00a0Minuten"},"schema":{"@context":"https:\/\/schema.org","@graph":[{"@type":"WebPage","@id":"https:\/\/www.celum.com\/de\/datenschutzhinweise-social-media\/","url":"https:\/\/www.celum.com\/de\/datenschutzhinweise-social-media\/","name":"Datenschutzhinweise Social Media","isPartOf":{"@id":"https:\/\/www.celum.com\/de\/#website"},"primaryImageOfPage":{"@id":"https:\/\/www.celum.com\/de\/datenschutzhinweise-social-media\/#primaryimage"},"image":{"@id":"https:\/\/www.celum.com\/de\/datenschutzhinweise-social-media\/#primaryimage"},"thumbnailUrl":"https:\/\/www.celum.com\/de\/wp-content\/uploads\/sites\/3\/2021\/03\/NEW-Light.svg","datePublished":"2021-05-28T09:37:36+00:00","dateModified":"2025-03-25T18:25:54+00:00","description":"Datenschutzhinweise Social Media Mit diesem Hinweis m\u00f6chten wir Sie dar\u00fcber informieren, welche Daten wir von Ihnen auf unseren Social Media-Pr\u00e4senzen","inLanguage":"de","potentialAction":[{"@type":"ReadAction","target":["https:\/\/www.celum.com\/de\/datenschutzhinweise-social-media\/"]}]},{"@type":"ImageObject","inLanguage":"de","@id":"https:\/\/www.celum.com\/de\/datenschutzhinweise-social-media\/#primaryimage","url":"https:\/\/www.celum.com\/de\/wp-content\/uploads\/sites\/3\/2021\/03\/NEW-Light.svg","contentUrl":"https:\/\/www.celum.com\/de\/wp-content\/uploads\/sites\/3\/2021\/03\/NEW-Light.svg","width":239,"height":218},{"@type":"WebSite","@id":"https:\/\/www.celum.com\/de\/#website","url":"https:\/\/www.celum.com\/de\/","name":"CELUM","description":"Make Brands. Sell Products.","publisher":{"@id":"https:\/\/www.celum.com\/de\/#organization"},"potentialAction":[{"@type":"SearchAction","target":{"@type":"EntryPoint","urlTemplate":"https:\/\/www.celum.com\/de\/?s={search_term_string}"},"query-input":{"@type":"PropertyValueSpecification","valueRequired":true,"valueName":"search_term_string"}}],"inLanguage":"de"},{"@type":"Organization","@id":"https:\/\/www.celum.com\/de\/#organization","name":"CELUM","url":"https:\/\/www.celum.com\/de\/","logo":{"@type":"ImageObject","inLanguage":"de","@id":"https:\/\/www.celum.com\/de\/#\/schema\/logo\/image\/","url":"https:\/\/www.celum.com\/de\/wp-content\/uploads\/sites\/3\/2021\/01\/celum-header-logo.svg","contentUrl":"https:\/\/www.celum.com\/de\/wp-content\/uploads\/sites\/3\/2021\/01\/celum-header-logo.svg","width":1,"height":1,"caption":"CELUM"},"image":{"@id":"https:\/\/www.celum.com\/de\/#\/schema\/logo\/image\/"},"sameAs":["https:\/\/www.facebook.com\/celumcorporate\/","https:\/\/x.com\/CELUM","https:\/\/www.instagram.com\/celum_life\/","https:\/\/www.linkedin.com\/company\/328144\/","https:\/\/www.youtube.com\/user\/celumTV\/"]}]}},"acf":[],"_links":{"self":[{"href":"https:\/\/www.celum.com\/de\/wp-json\/wp\/v2\/pages\/12320","targetHints":{"allow":["GET"]}}],"collection":[{"href":"https:\/\/www.celum.com\/de\/wp-json\/wp\/v2\/pages"}],"about":[{"href":"https:\/\/www.celum.com\/de\/wp-json\/wp\/v2\/types\/page"}],"author":[{"embeddable":true,"href":"https:\/\/www.celum.com\/de\/wp-json\/wp\/v2\/users\/13"}],"replies":[{"embeddable":true,"href":"https:\/\/www.celum.com\/de\/wp-json\/wp\/v2\/comments?post=12320"}],"version-history":[{"count":11,"href":"https:\/\/www.celum.com\/de\/wp-json\/wp\/v2\/pages\/12320\/revisions"}],"predecessor-version":[{"id":32975,"href":"https:\/\/www.celum.com\/de\/wp-json\/wp\/v2\/pages\/12320\/revisions\/32975"}],"wp:attachment":[{"href":"https:\/\/www.celum.com\/de\/wp-json\/wp\/v2\/media?parent=12320"}],"wp:term":[{"taxonomy":"folder","embeddable":true,"href":"https:\/\/www.celum.com\/de\/wp-json\/wp\/v2\/folder?post=12320"}],"curies":[{"name":"wp","href":"https:\/\/api.w.org\/{rel}","templated":true}]}}